{"version":"1.0","provider_name":"BASQUETBOLEANDO.com","provider_url":"https:\/\/basquetboleando.com\/web","author_name":"Mauricio Pelletti","author_url":"https:\/\/basquetboleando.com\/web\/author\/mauricio-pelletti\/","title":"NICOL\u00c1S RUIZ: \"M\u00c1S QUE CONFORME CON EL EQUIPO\" - BASQUETBOLEANDO.com","type":"rich","width":600,"height":338,"html":"<blockquote class=\"wp-embedded-content\" data-secret=\"7h5pIiMT4E\"><a href=\"https:\/\/basquetboleando.com\/web\/nicolas-ruiz-mas-que-conforme-con-el-equipo\/\">NICOL\u00c1S RUIZ: \u00abM\u00c1S QUE CONFORME CON EL EQUIPO\u00bb<\/a><\/blockquote><iframe sandbox=\"allow-scripts\" security=\"restricted\" src=\"https:\/\/basquetboleando.com\/web\/nicolas-ruiz-mas-que-conforme-con-el-equipo\/embed\/#?secret=7h5pIiMT4E\" width=\"600\" height=\"338\" title=\"\u00abNICOL\u00c1S RUIZ: \u00abM\u00c1S QUE CONFORME CON EL EQUIPO\u00bb\u00bb \u2014 BASQUETBOLEANDO.com\" data-secret=\"7h5pIiMT4E\" frameborder=\"0\" marginwidth=\"0\" marginheight=\"0\" scrolling=\"no\" class=\"wp-embedded-content\"><\/iframe><script type=\"text\/javascript\">\n\/* <![CDATA[ *\/\n\/*! This file is auto-generated *\/\n!function(d,l){\"use strict\";l.querySelector&&d.addEventListener&&\"undefined\"!=typeof URL&&(d.wp=d.wp||{},d.wp.receiveEmbedMessage||(d.wp.receiveEmbedMessage=function(e){var t=e.data;if((t||t.secret||t.message||t.value)&&!\/[^a-zA-Z0-9]\/.test(t.secret)){for(var s,r,n,a=l.querySelectorAll('iframe[data-secret=\"'+t.secret+'\"]'),o=l.querySelectorAll('blockquote[data-secret=\"'+t.secret+'\"]'),c=new RegExp(\"^https?:$\",\"i\"),i=0;i<o.length;i++)o[i].style.display=\"none\";for(i=0;i<a.length;i++)s=a[i],e.source===s.contentWindow&&(s.removeAttribute(\"style\"),\"height\"===t.message?(1e3<(r=parseInt(t.value,10))?r=1e3:~~r<200&&(r=200),s.height=r):\"link\"===t.message&&(r=new URL(s.getAttribute(\"src\")),n=new URL(t.value),c.test(n.protocol))&&n.host===r.host&&l.activeElement===s&&(d.top.location.href=t.value))}},d.addEventListener(\"message\",d.wp.receiveEmbedMessage,!1),l.addEventListener(\"DOMContentLoaded\",function(){for(var e,t,s=l.querySelectorAll(\"iframe.wp-embedded-content\"),r=0;r<s.length;r++)(t=(e=s[r]).getAttribute(\"data-secret\"))||(t=Math.random().toString(36).substring(2,12),e.src+=\"#?secret=\"+t,e.setAttribute(\"data-secret\",t)),e.contentWindow.postMessage({message:\"ready\",secret:t},\"*\")},!1)))}(window,document);\n\/\/# sourceURL=https:\/\/basquetboleando.com\/web\/wp-includes\/js\/wp-embed.min.js\n\/* ]]> *\/\n<\/script>\n","thumbnail_url":"https:\/\/basquetboleando.com\/web\/wp-content\/uploads\/2021\/10\/ruiznico.jpg","thumbnail_width":683,"thumbnail_height":383,"description":"El alero de Col\u00f3n de San Justo al t\u00e9rmino de la victoria ante Rep\u00fablica del Oeste, en la cual anot\u00f3 19 puntos, dej\u00f3 en claro que lo tiene m\u00e1s tranquilo el rendimiento grupal que el propio: \u00abM\u00e1s que en lo individual me voy conforme en lo colectivo tambi\u00e9n, m\u00e1s que..."}