{"version":"1.0","provider_name":"BASQUETBOLEANDO.com","provider_url":"https:\/\/basquetboleando.com\/web","author_name":"Sebastian Fabricius","author_url":"https:\/\/basquetboleando.com\/web\/author\/sebastian-fabricius\/","title":"HARDEN EXTENDI\u00d3 SU V\u00cdNCULO CON LOS CLIPPERS - BASQUETBOLEANDO.com","type":"rich","width":600,"height":338,"html":"<blockquote class=\"wp-embedded-content\" data-secret=\"zBnuId3ZeC\"><a href=\"https:\/\/basquetboleando.com\/web\/harden-extendio-su-vinculo-con-los-clippers\/\">HARDEN EXTENDI\u00d3 SU V\u00cdNCULO CON LOS CLIPPERS<\/a><\/blockquote><iframe sandbox=\"allow-scripts\" security=\"restricted\" src=\"https:\/\/basquetboleando.com\/web\/harden-extendio-su-vinculo-con-los-clippers\/embed\/#?secret=zBnuId3ZeC\" width=\"600\" height=\"338\" title=\"\u00abHARDEN EXTENDI\u00d3 SU V\u00cdNCULO CON LOS CLIPPERS\u00bb \u2014 BASQUETBOLEANDO.com\" data-secret=\"zBnuId3ZeC\" frameborder=\"0\" marginwidth=\"0\" marginheight=\"0\" scrolling=\"no\" class=\"wp-embedded-content\"><\/iframe><script type=\"text\/javascript\">\n\/* <![CDATA[ *\/\n\/*! This file is auto-generated *\/\n!function(d,l){\"use strict\";l.querySelector&&d.addEventListener&&\"undefined\"!=typeof URL&&(d.wp=d.wp||{},d.wp.receiveEmbedMessage||(d.wp.receiveEmbedMessage=function(e){var t=e.data;if((t||t.secret||t.message||t.value)&&!\/[^a-zA-Z0-9]\/.test(t.secret)){for(var s,r,n,a=l.querySelectorAll('iframe[data-secret=\"'+t.secret+'\"]'),o=l.querySelectorAll('blockquote[data-secret=\"'+t.secret+'\"]'),c=new RegExp(\"^https?:$\",\"i\"),i=0;i<o.length;i++)o[i].style.display=\"none\";for(i=0;i<a.length;i++)s=a[i],e.source===s.contentWindow&&(s.removeAttribute(\"style\"),\"height\"===t.message?(1e3<(r=parseInt(t.value,10))?r=1e3:~~r<200&&(r=200),s.height=r):\"link\"===t.message&&(r=new URL(s.getAttribute(\"src\")),n=new URL(t.value),c.test(n.protocol))&&n.host===r.host&&l.activeElement===s&&(d.top.location.href=t.value))}},d.addEventListener(\"message\",d.wp.receiveEmbedMessage,!1),l.addEventListener(\"DOMContentLoaded\",function(){for(var e,t,s=l.querySelectorAll(\"iframe.wp-embedded-content\"),r=0;r<s.length;r++)(t=(e=s[r]).getAttribute(\"data-secret\"))||(t=Math.random().toString(36).substring(2,12),e.src+=\"#?secret=\"+t,e.setAttribute(\"data-secret\",t)),e.contentWindow.postMessage({message:\"ready\",secret:t},\"*\")},!1)))}(window,document);\n\/\/# sourceURL=https:\/\/basquetboleando.com\/web\/wp-includes\/js\/wp-embed.min.js\n\/* ]]> *\/\n<\/script>\n","thumbnail_url":"https:\/\/basquetboleando.com\/web\/wp-content\/uploads\/2025\/06\/thumbnail_reel_JH_250501_DEN.jpg","thumbnail_width":1921,"thumbnail_height":1081,"description":"La agencia libre 2025 est\u00e1 a la vuelta de la esquina. Este lunes desde las 19hs de Argentina iniciar\u00e1 un nuevo per\u00edodo de fichajes en la NBA. Por eso, este fin de semana estuvo marcado por la toma de decisiones de las franquicias. Mientras el eje de la informaci\u00f3n pas\u00f3..."}